{"id":11,"date":"2024-10-28T12:01:05","date_gmt":"2024-10-28T11:01:05","guid":{"rendered":"http:\/\/www.jourdefetemareuil.com\/?page_id=11"},"modified":"2025-12-10T17:07:51","modified_gmt":"2025-12-10T16:07:51","slug":"programme-2009","status":"publish","type":"page","link":"https:\/\/jourdefetemareuil.com\/?page_id=11","title":{"rendered":"Programme 2025-2026"},"content":{"rendered":"\n<p>A vos agendas:<\/p>\n\n\n\n<ul class=\"wp-block-list\">\n<li><strong>Jeudi 13 novembre 2025 spectacle scolaire classes \u00e9l\u00e9mentaires: \u00ab\u00a0\u00c7A PIQUE\u00a0\u00bb par la compagnie Messieurs Messieurs pour se rappeler; 10 ans apr\u00e8s l&rsquo;attentat du Bataclan, la n\u00e9cessit\u00e9 de se retrouver autour d&rsquo;un spectacle vivant festif!<\/strong><\/li>\n<\/ul>\n\n\n\n<figure class=\"wp-block-embed is-type-video is-provider-youtube wp-block-embed-youtube wp-embed-aspect-16-9 wp-has-aspect-ratio\"><div class=\"wp-block-embed__wrapper\">\n<iframe loading=\"lazy\" title=\"Cie Messieurs Messieurs - \u00e7a pique !   Teaser 2025\" width=\"500\" height=\"281\" src=\"https:\/\/www.youtube.com\/embed\/I7svfFe5oFk?feature=oembed\" frameborder=\"0\" allow=\"accelerometer; autoplay; clipboard-write; encrypted-media; gyroscope; picture-in-picture; web-share\" referrerpolicy=\"strict-origin-when-cross-origin\" allowfullscreen><\/iframe>\n<\/div><\/figure>\n\n\n\n<ul class=\"wp-block-list\">\n<li><strong>Samedi 24 janvier 2026 20 h 30 Salle Othello Concert \u00ab\u00a0la TCHOUTCHOUKA<span dir=\"ltr\" role=\"presentation\">\u00a0\u00bb musique d&rsquo;Am\u00e9rique latine\u00a0\u00a0<\/span>(Colombie)<\/strong><\/li>\n<\/ul>\n\n\n\n<figure class=\"wp-block-embed is-type-video is-provider-youtube wp-block-embed-youtube wp-embed-aspect-16-9 wp-has-aspect-ratio\"><div class=\"wp-block-embed__wrapper\">\n<iframe loading=\"lazy\" title=\"TEASER 2025 - LA TCHOUTCHOUKA\" width=\"500\" height=\"281\" src=\"https:\/\/www.youtube.com\/embed\/4tnXArLXUfU?feature=oembed\" frameborder=\"0\" allow=\"accelerometer; autoplay; clipboard-write; encrypted-media; gyroscope; picture-in-picture; web-share\" referrerpolicy=\"strict-origin-when-cross-origin\" allowfullscreen><\/iframe>\n<\/div><\/figure>\n\n\n\n<ul class=\"wp-block-list\">\n<li>\u00a0<strong>Dimanche 15 Mars 2026<\/strong> <strong>\u00e0 16 h: Festival\u00a0 Chant appart\u00a0<\/strong> <strong>aux caves Mourat<\/strong><\/li>\n<\/ul>\n\n\n\n<ul class=\"wp-block-list\">\n<li><strong>Audrey JOUMAS<\/strong><\/li>\n<\/ul>\n\n\n\n<figure class=\"wp-block-embed is-type-video is-provider-youtube wp-block-embed-youtube wp-embed-aspect-16-9 wp-has-aspect-ratio\"><div class=\"wp-block-embed__wrapper\">\n<iframe loading=\"lazy\" title=\"Audrey Joumas - Les tropiques (trio live acoustique)\" width=\"500\" height=\"281\" src=\"https:\/\/www.youtube.com\/embed\/2LV-NUt2Ppk?feature=oembed\" frameborder=\"0\" allow=\"accelerometer; autoplay; clipboard-write; encrypted-media; gyroscope; picture-in-picture; web-share\" referrerpolicy=\"strict-origin-when-cross-origin\" allowfullscreen><\/iframe>\n<\/div><\/figure>\n\n\n\n<ul class=\"wp-block-list\">\n<li><strong>Arthur ELY<\/strong><\/li>\n<\/ul>\n\n\n\n<figure class=\"wp-block-embed is-type-video is-provider-youtube wp-block-embed-youtube wp-embed-aspect-16-9 wp-has-aspect-ratio\"><div class=\"wp-block-embed__wrapper\">\n<iframe loading=\"lazy\" title=\"Arthur Ely - HYPERPO\u00c9SIE (live session)\" width=\"500\" height=\"281\" src=\"https:\/\/www.youtube.com\/embed\/WGW3eLKma3E?feature=oembed\" frameborder=\"0\" allow=\"accelerometer; autoplay; clipboard-write; encrypted-media; gyroscope; picture-in-picture; web-share\" referrerpolicy=\"strict-origin-when-cross-origin\" allowfullscreen><\/iframe>\n<\/div><\/figure>\n\n\n\n<ul class=\"wp-block-list\">\n<li><strong>Mardi 19 Mai 202<\/strong>6 Spectacle scolaire maternelles <strong>\u00a0\u00bb les Comptines de Kikobert\u00a0\u00bb<\/strong><\/li>\n<\/ul>\n\n\n\n<figure class=\"wp-block-embed is-type-video is-provider-vimeo wp-block-embed-vimeo wp-embed-aspect-1-1 wp-has-aspect-ratio\"><div class=\"wp-block-embed__wrapper\">\n<iframe loading=\"lazy\" title=\"Sous la mousse du bain chaud\" src=\"https:\/\/player.vimeo.com\/video\/1096565871?dnt=1&amp;app_id=122963\" width=\"500\" height=\"500\" frameborder=\"0\" allow=\"autoplay; fullscreen; picture-in-picture; clipboard-write; encrypted-media; web-share\" referrerpolicy=\"strict-origin-when-cross-origin\"><\/iframe>\n<\/div><\/figure>\n\n\n\n<ul class=\"wp-block-list\">\n<li>\u00a0\u00a0<strong>Samedi 14 novembre 2026, 20h 30<\/strong>, <strong>Salle Othello, LES COPAINS DES BOIS, la tourn\u00e9e des 20 ans<\/strong><\/li>\n<\/ul>\n\n\n\n<figure class=\"wp-block-embed is-type-video is-provider-youtube wp-block-embed-youtube wp-embed-aspect-16-9 wp-has-aspect-ratio\"><div class=\"wp-block-embed__wrapper\">\n<iframe loading=\"lazy\" title=\"Les Copains des bois\/le tango des abrutis (clip).\" width=\"500\" height=\"281\" src=\"https:\/\/www.youtube.com\/embed\/jDd0iFenCGk?feature=oembed\" frameborder=\"0\" allow=\"accelerometer; autoplay; clipboard-write; encrypted-media; gyroscope; picture-in-picture; web-share\" referrerpolicy=\"strict-origin-when-cross-origin\" allowfullscreen><\/iframe>\n<\/div><\/figure>\n\n\n\n<p>&nbsp;<\/p>\n\n\n\n<p>&nbsp;<\/p>\n\n\n\n<p>&nbsp;<\/p>\n","protected":false},"excerpt":{"rendered":"<a href=\"https:\/\/jourdefetemareuil.com\/?page_id=11\"><img loading=\"lazy\" decoding=\"async\" width=\"150\" height=\"150\" src=\"https:\/\/jourdefetemareuil.com\/wp-content\/plugins\/thumbnail-for-excerpts\/tfe_no_thumb.png\" class=\"alignleft wp-post-image tfe\" alt=\"\" title=\"\" \/><\/a><p>A vos agendas: &nbsp; &nbsp; &nbsp;<\/p>\n","protected":false},"author":1,"featured_media":0,"parent":0,"menu_order":0,"comment_status":"open","ping_status":"open","template":"","meta":{"footnotes":""},"class_list":["post-11","page","type-page","status-publish","hentry"],"_links":{"self":[{"href":"https:\/\/jourdefetemareuil.com\/index.php?rest_route=\/wp\/v2\/pages\/11","targetHints":{"allow":["GET"]}}],"collection":[{"href":"https:\/\/jourdefetemareuil.com\/index.php?rest_route=\/wp\/v2\/pages"}],"about":[{"href":"https:\/\/jourdefetemareuil.com\/index.php?rest_route=\/wp\/v2\/types\/page"}],"author":[{"embeddable":true,"href":"https:\/\/jourdefetemareuil.com\/index.php?rest_route=\/wp\/v2\/users\/1"}],"replies":[{"embeddable":true,"href":"https:\/\/jourdefetemareuil.com\/index.php?rest_route=%2Fwp%2Fv2%2Fcomments&post=11"}],"version-history":[{"count":69,"href":"https:\/\/jourdefetemareuil.com\/index.php?rest_route=\/wp\/v2\/pages\/11\/revisions"}],"predecessor-version":[{"id":921,"href":"https:\/\/jourdefetemareuil.com\/index.php?rest_route=\/wp\/v2\/pages\/11\/revisions\/921"}],"wp:attachment":[{"href":"https:\/\/jourdefetemareuil.com\/index.php?rest_route=%2Fwp%2Fv2%2Fmedia&parent=11"}],"curies":[{"name":"wp","href":"https:\/\/api.w.org\/{rel}","templated":true}]}}